{"id":31899,"date":"2024-02-29T17:17:56","date_gmt":"2024-02-29T16:17:56","guid":{"rendered":"https:\/\/casaatlantica.es\/producto\/vera-4\/"},"modified":"2025-05-21T13:22:57","modified_gmt":"2025-05-21T13:22:57","slug":"plateau-en-ceramique-eponge-vera","status":"publish","type":"product","link":"https:\/\/casaatlantica.es\/fr\/producto\/plateau-en-ceramique-eponge-vera\/","title":{"rendered":"Vera"},"content":{"rendered":"<h3 class=\"titprod\">Plateau en C\u00e9ramique \u00c9pong\u00e9<\/h3>\n<p class=\"p1\">Notre nouvelle collection Esponjado s\u2019inspire de diff\u00e9rentes plateaux en c\u00e9ramique trouv\u00e9s sur les march\u00e9s d\u2019antiquit\u00e9s de la c\u00f4te nord du Portugal, qui ont servi de point de d\u00e9part pour cr\u00e9er cette s\u00e9rie unique. \u00cates-vous pr\u00eat \u00e0 la d\u00e9couvrir ?<\/p>\n<p class=\"p1\">Dans nos nouvelles tasses, bols et plateaux, nous faisons revivre l\u2019ancienne technique populaire de l\u2019\u00e9ponge, utilis\u00e9e dans cette r\u00e9gion c\u00f4ti\u00e8re, o\u00f9 les \u00e9ponges marines \u00e9taient l\u2019outil magique pour cr\u00e9er des motifs sur la c\u00e9ramique utilitaire.<\/p>\n<p class=\"p1\">Les grands bols avec soucoupes, ou les plateaux et bols d\u00e9cor\u00e9s avec les triangles traditionnels ou \u201cbicos\u201d sur leurs contours, sont parfaits pour \u00eatre assortis \u00e0 une vaisselle unie. Fabriqu\u00e9e en gr\u00e8s porcelaine de grande r\u00e9sistance, cette collection refl\u00e8te l\u2019esprit des ann\u00e9es 50 et la qualit\u00e9 des mat\u00e9riaux utilis\u00e9s autrefois. Un hommage \u00e0 l\u2019art populaire, au folklore, aux pi\u00e8ces anonymes que nous avons collectionn\u00e9es au fil des ann\u00e9es, et \u00e0 la cr\u00e9ativit\u00e9 des artisans qui les ont fabriqu\u00e9es.<\/p>\n<p class=\"p1\">Chaque plateau est fabriqu\u00e9 \u00e0 la main en gr\u00e8s de haute qualit\u00e9 et peint \u00e0 la main avec des motifs qui refl\u00e8tent la simplicit\u00e9 et la beaut\u00e9 de la tradition. Il est ensuite cuit \u00e0 haute temp\u00e9rature pour assurer sa durabilit\u00e9.<\/p>\n<div class=\"spacer\"><\/div>\n<p class=\"p1\"><strong>MAT\u00c9RIEL<\/strong> Gr\u00e8s \u00e9maill\u00e9.<\/p>\n<p class=\"p1\"><strong>DIMENSIONS<\/strong> Plateau : 31,5 x 23 x 2,5 cm.<\/p>\n<p class=\"p1\"><strong>CONTENU<\/strong> 1 plateau<\/p>\n<p class=\"p1\">Compatible avec le lave-vaisselle et le micro-ondes<\/p>\n<div class=\"spacer\"><\/div>\n<p class=\"p1\"><em>Ceci est un produit artisanal ; la couleur et la finition peuvent l\u00e9g\u00e8rement varier par rapport aux pi\u00e8ces pr\u00e9sent\u00e9es sur la photo.<\/em><\/p>\n","protected":false},"excerpt":{"rendered":"<p style=\"text-transform: uppercase\">Plateau en C\u00e9ramique \u00c9pong\u00e9<\/p>\n","protected":false},"featured_media":55452,"template":"","meta":{"_acf_changed":false},"product_brand":[],"product_cat":[4002],"product_tag":[4141,4143,4145,3884,4248],"class_list":{"0":"post-31899","1":"product","2":"type-product","3":"status-publish","4":"has-post-thumbnail","6":"product_cat-plateaux-et-assiettes-en-ceramique","7":"product_tag-plateau-en-ceramique","8":"product_tag-plateau-en-ceramique-emaillee","9":"product_tag-plateaux-et-assiettes","10":"product_tag-table-et-cuisine","11":"product_tag-vaisselle","12":"product_shipping_class-categoria-2-fr","13":"description-off","15":"first","16":"instock","17":"sale","18":"taxable","19":"shipping-taxable","20":"purchasable","21":"product-type-simple"},"acf":[],"jetpack_sharing_enabled":true,"_links":{"self":[{"href":"https:\/\/casaatlantica.es\/fr\/wp-json\/wp\/v2\/product\/31899","targetHints":{"allow":["GET"]}}],"collection":[{"href":"https:\/\/casaatlantica.es\/fr\/wp-json\/wp\/v2\/product"}],"about":[{"href":"https:\/\/casaatlantica.es\/fr\/wp-json\/wp\/v2\/types\/product"}],"wp:featuredmedia":[{"embeddable":true,"href":"https:\/\/casaatlantica.es\/fr\/wp-json\/wp\/v2\/media\/55452"}],"wp:attachment":[{"href":"https:\/\/casaatlantica.es\/fr\/wp-json\/wp\/v2\/media?parent=31899"}],"wp:term":[{"taxonomy":"product_brand","embeddable":true,"href":"https:\/\/casaatlantica.es\/fr\/wp-json\/wp\/v2\/product_brand?post=31899"},{"taxonomy":"product_cat","embeddable":true,"href":"https:\/\/casaatlantica.es\/fr\/wp-json\/wp\/v2\/product_cat?post=31899"},{"taxonomy":"product_tag","embeddable":true,"href":"https:\/\/casaatlantica.es\/fr\/wp-json\/wp\/v2\/product_tag?post=31899"}],"curies":[{"name":"wp","href":"https:\/\/api.w.org\/{rel}","templated":true}]}}